{"id":11,"date":"2014-01-27T10:53:04","date_gmt":"2014-01-27T10:53:04","guid":{"rendered":"http:\/\/facilitamos.catedu.es\/primarialengua\/?page_id=11"},"modified":"2014-11-20T11:31:33","modified_gmt":"2014-11-20T11:31:33","slug":"unidades-didacticas","status":"publish","type":"page","link":"https:\/\/facilitamos.catedu.es\/primarialengua\/","title":{"rendered":"Unidades Did\u00e1cticas"},"content":{"rendered":"<p><strong>6\u00ba de Primaria<\/strong><\/p>\n<table style=\"width: 880px;height: 569px\" border=\"0\" cellspacing=\"10\">\n<tbody>\n<tr>\n<td><strong style=\"font-family: sans-serif;font-size: medium\">TEMAS<\/strong><\/p>\n<ul>\n<li><em>Colaborador:<\/em><em> <strong>Javier Padr\u00f3s Espa\u00f1ol<\/strong><\/em><\/li>\n<\/ul>\n<\/td>\n<td><strong style=\"font-family: sans-serif;font-size: medium\">TALLER DE COMUNICACI\u00d3N<\/strong><\/p>\n<ul>\n<li><em>Colaborador:<strong> Jos\u00e9 Ram\u00f3n Olalla Celma<\/strong><\/em><\/li>\n<\/ul>\n<\/td>\n<\/tr>\n<tr>\n<td>GRAM\u00c1TICA<\/p>\n<ol>\n<li><a href=\"https:\/\/facilitamos.catedu.es\/primarialengua\/?p=51\" target=\"_blank\">El Sustantivo<\/a>.<\/li>\n<li><a href=\"https:\/\/facilitamos.catedu.es\/primarialengua\/?p=54\" target=\"_blank\">Los Determinantes y el Adjetivo Calificativo<\/a><\/li>\n<li><a href=\"https:\/\/facilitamos.catedu.es\/primarialengua\/?p=75\" target=\"_blank\">Los Pronombres<\/a><\/li>\n<li><a href=\"https:\/\/facilitamos.catedu.es\/primarialengua\/?p=93\" target=\"_blank\">El verbo<\/a><\/li>\n<li><a href=\"https:\/\/facilitamos.catedu.es\/primarialengua\/?p=112\" target=\"_blank\">Los adverbios<\/a><\/li>\n<li><a href=\"https:\/\/facilitamos.catedu.es\/primarialengua\/?p=109\" target=\"_blank\">Preposiciones, conjunciones e interjecciones<\/a><\/li>\n<li><a href=\"https:\/\/facilitamos.catedu.es\/primarialengua\/?p=117\" target=\"_blank\">La oraci\u00f3n y sus partes. Clases de oraciones<\/a><\/li>\n<\/ol>\n<p>ORTOGRAF\u00cdA<\/p>\n<p>8. \u00a0<a href=\"https:\/\/facilitamos.catedu.es\/primarialengua\/?p=116\" target=\"_blank\">Ortograf\u00eda I (Acentuaci\u00f3n)<\/a><br \/>\n9.\u00a0<a href=\"https:\/\/facilitamos.catedu.es\/primarialengua\/?p=123\" target=\"_blank\">Ortograf\u00eda II (Reglas ortogr\u00e1ficas)<\/a><br \/>\n10.\u00a0<a href=\"https:\/\/facilitamos.catedu.es\/primarialengua\/?p=125\" target=\"_blank\">Ortograf\u00eda III (Signos ortogr\u00e1ficos)<\/a><\/p>\n<p>VOCABULARIO<\/p>\n<p>11.\u00a0<a href=\"https:\/\/facilitamos.catedu.es\/primarialengua\/?p=135\" target=\"_blank\">Vocabulario I<\/a><br \/>\n12.\u00a0<a href=\"https:\/\/facilitamos.catedu.es\/primarialengua\/?p=165\" target=\"_blank\">Vocabulario II<\/a><br \/>\n13.\u00a0<a href=\"https:\/\/facilitamos.catedu.es\/primarialengua\/?p=168\" target=\"_blank\">Vocabulario III<\/a><\/p>\n<p>LITERATURA<\/p>\n<p>14.\u00a0<a href=\"https:\/\/facilitamos.catedu.es\/primarialengua\/?p=172\" target=\"_blank\">Literatura I<\/a><br \/>\n15.\u00a0<a href=\"https:\/\/facilitamos.catedu.es\/primarialengua\/?p=175\" target=\"_blank\">Literatura II<\/a><\/td>\n<td><span style=\"font-family: sans-serif;font-size: medium\"><br \/>\n<\/span><\/p>\n<ol>\n<li><a title=\"UD-1-2-La huella de las palabras\" href=\"https:\/\/facilitamos.catedu.es\/primarialengua\/propuesta-didactica\/ud-1-2-la-huella-de-las-palabras\/\" target=\"_blank\">La huella d<\/a><a title=\"UD-1-2-La huella de las palabras\" href=\"https:\/\/facilitamos.catedu.es\/primarialengua\/propuesta-didactica\/ud-1-2-la-huella-de-las-palabras\/\" target=\"_blank\">e las palabras<\/a><\/li>\n<li><a title=\"U-2-2- M\u00e1s de cien cualidades\" href=\"https:\/\/facilitamos.catedu.es\/primarialengua\/propuesta-didactica\/mas-de-cien-cualidades\/\">M\u00e1s de cien cualidades<\/a><\/li>\n<li><a title=\"U-3-2-Vivir en los pronombres\" href=\"https:\/\/facilitamos.catedu.es\/primarialengua\/propuesta-didactica\/u-3-2-vivir-en-los-pronombres\/\">Vivir en los pronombres<\/a><\/li>\n<li><a title=\"Unidad-4-2-El mundo al rev\u00e9s\" href=\"https:\/\/facilitamos.catedu.es\/primarialengua\/propuesta-didactica\/unidad-4-2-el-mundo-al-reves\/\" target=\"_blank\">El mundo al rev\u00e9s<\/a><\/li>\n<li><a title=\"Unidad-5-2-El cristal con que se mira\" href=\"https:\/\/facilitamos.catedu.es\/primarialengua\/propuesta-didactica\/unidad-5-2-el-cristal-con-que-se-mira\/\">El cristal con que se mira<\/a><\/li>\n<li><a title=\"Unidad-6-2-Sino palabra en el tiempo\" href=\"https:\/\/facilitamos.catedu.es\/primarialengua\/propuesta-didactica\/unidad-6-2-sino-palabra-en-el-tiempo\/\">Sino palabra en el tiempo<\/a><\/li>\n<li><a title=\"Unidad 7-2-Inspira, respira, suspira\" href=\"https:\/\/facilitamos.catedu.es\/primarialengua\/propuesta-didactica\/unidad-7-2-inspira-respira-suspira\/\">Inspira, respira, suspira<\/a><\/li>\n<\/ol>\n<p>&nbsp;<\/td>\n<\/tr>\n<\/tbody>\n<\/table>\n","protected":false},"excerpt":{"rendered":"<p>6\u00ba de Primaria TEMAS Colaborador: Javier Padr\u00f3s Espa\u00f1ol TALLER DE COMUNICACI\u00d3N Colaborador: Jos\u00e9 Ram\u00f3n Olalla Celma GRAM\u00c1TICA El Sustantivo. Los Determinantes y el Adjetivo Calificativo Los Pronombres El verbo Los adverbios Preposiciones, conjunciones e interjecciones La oraci\u00f3n y sus partes. &hellip;<\/p>\n<p class=\"read-more\"> <a class=\"more-link\" href=\"https:\/\/facilitamos.catedu.es\/primarialengua\/\"> <span class=\"screen-reader-text\">Unidades Did\u00e1cticas<\/span> Leer m\u00e1s \u00bb<\/a><\/p>\n","protected":false},"author":1,"featured_media":0,"parent":0,"menu_order":0,"comment_status":"open","ping_status":"open","template":"","meta":{"_monsterinsights_skip_tracking":false,"_monsterinsights_sitenote_active":false,"_monsterinsights_sitenote_note":"","_monsterinsights_sitenote_category":0,"footnotes":""},"class_list":["post-11","page","type-page","status-publish","hentry"],"_links":{"self":[{"href":"https:\/\/facilitamos.catedu.es\/primarialengua\/wp-json\/wp\/v2\/pages\/11","targetHints":{"allow":["GET"]}}],"collection":[{"href":"https:\/\/facilitamos.catedu.es\/primarialengua\/wp-json\/wp\/v2\/pages"}],"about":[{"href":"https:\/\/facilitamos.catedu.es\/primarialengua\/wp-json\/wp\/v2\/types\/page"}],"author":[{"embeddable":true,"href":"https:\/\/facilitamos.catedu.es\/primarialengua\/wp-json\/wp\/v2\/users\/1"}],"replies":[{"embeddable":true,"href":"https:\/\/facilitamos.catedu.es\/primarialengua\/wp-json\/wp\/v2\/comments?post=11"}],"version-history":[{"count":38,"href":"https:\/\/facilitamos.catedu.es\/primarialengua\/wp-json\/wp\/v2\/pages\/11\/revisions"}],"predecessor-version":[{"id":297,"href":"https:\/\/facilitamos.catedu.es\/primarialengua\/wp-json\/wp\/v2\/pages\/11\/revisions\/297"}],"wp:attachment":[{"href":"https:\/\/facilitamos.catedu.es\/primarialengua\/wp-json\/wp\/v2\/media?parent=11"}],"curies":[{"name":"wp","href":"https:\/\/api.w.org\/{rel}","templated":true}]}}